{"id":677,"date":"2021-03-25T16:06:31","date_gmt":"2021-03-25T19:06:31","guid":{"rendered":"https:\/\/institutoaua.org.br\/campanha-safra-do-cambuci-2021\/?page_id=677"},"modified":"2021-05-26T16:14:13","modified_gmt":"2021-05-26T19:14:13","slug":"onde-comprar","status":"publish","type":"page","link":"https:\/\/institutoaua.org.br\/campanha-safra-do-cambuci-2021\/onde-comprar\/","title":{"rendered":"Onde Comprar"},"content":{"rendered":"<p>[et_pb_section fb_built=&#8221;1&#8243; use_custom_gutter=&#8221;on&#8221; gutter_width=&#8221;2&#8243; specialty=&#8221;on&#8221; custom_padding_last_edited=&#8221;on|tablet&#8221; padding_top_bottom_link_1=&#8221;false&#8221; padding_top_bottom_link_2=&#8221;false&#8221; padding_left_right_link_1=&#8221;false&#8221; padding_left_right_link_2=&#8221;false&#8221; padding_top_1=&#8221;0px&#8221; padding_top_2=&#8221;0px&#8221; padding_bottom_1=&#8221;0px&#8221; padding_bottom_2=&#8221;0px&#8221; _builder_version=&#8221;4.9.2&#8243; _module_preset=&#8221;default&#8221; background_color=&#8221;gcid-02a935b2-594c-458f-9fb5-426da1a48a3e&#8221; background_image=&#8221;https:\/\/institutoaua.org.br\/campanha-safra-do-cambuci-2021\/wp-content\/uploads\/2021\/03\/grafismo-bg.png&#8221; background_size=&#8221;initial&#8221; background_position=&#8221;bottom_left&#8221; custom_margin=&#8221;0px||0px||false|false&#8221; custom_padding=&#8221;0px||100px||false|false&#8221; custom_padding_tablet=&#8221;||205px||false|false&#8221; custom_padding_phone=&#8221;0px||120px||false|false&#8221; background_last_edited=&#8221;on|desktop&#8221; background_position_tablet=&#8221;bottom_center&#8221; custom_css_main_element=&#8221;background-size:27%!important;&#8221; global_colors_info=&#8221;{%22gcid-02a935b2-594c-458f-9fb5-426da1a48a3e%22:%91%22background_color%22,%22background_color%22%93}&#8221;][et_pb_column type=&#8221;1_4&#8243; _builder_version=&#8221;3.25&#8243; custom_padding=&#8221;|||&#8221; custom_padding__hover=&#8221;|||&#8221;][et_pb_sidebar area=&#8221;et_pb_widget_area_3&#8243; disabled_on=&#8221;on|on|off&#8221; _builder_version=&#8221;4.9.2&#8243; _module_preset=&#8221;default&#8221; sticky_limit_top=&#8221;row&#8221; sticky_limit_bottom=&#8221;row&#8221;][\/et_pb_sidebar][\/et_pb_column][et_pb_column type=&#8221;3_4&#8243; specialty_columns=&#8221;3&#8243; _builder_version=&#8221;3.25&#8243; custom_padding=&#8221;|||&#8221; custom_padding__hover=&#8221;|||&#8221;][et_pb_row_inner _builder_version=&#8221;4.9.2&#8243; _module_preset=&#8221;default&#8221; custom_padding=&#8221;0px||0px|||&#8221;][et_pb_column_inner saved_specialty_column_type=&#8221;3_4&#8243; _builder_version=&#8221;4.9.2&#8243; _module_preset=&#8221;default&#8221;][et_pb_text _builder_version=&#8221;4.9.3&#8243; _module_preset=&#8221;default&#8221; header_2_font=&#8221;|800|||||||&#8221; header_2_text_align=&#8221;left&#8221; header_2_text_color=&#8221;gcid-4023f119-17fd-4050-8795-7a41bc3bdef4&#8243; header_2_font_size=&#8221;34px&#8221; custom_margin=&#8221;0px||40px||false|false&#8221; custom_margin_tablet=&#8221;||30px||false|false&#8221; custom_margin_phone=&#8221;||20px||false|false&#8221; custom_margin_last_edited=&#8221;on|phone&#8221; custom_padding=&#8221;0px||0px||false|false&#8221; header_2_font_size_tablet=&#8221;28px&#8221; header_2_font_size_phone=&#8221;24px&#8221; header_2_font_size_last_edited=&#8221;on|phone&#8221; global_colors_info=&#8221;{%22gcid-4023f119-17fd-4050-8795-7a41bc3bdef4%22:%91%22header_2_text_color%22%93}&#8221;]<\/p>\n<h2 style=\"text-align: center;\"><strong>Onde Comprar<br \/><\/strong><\/h2>\n<h4><span style=\"font-weight: 400;\">Descubra onde voc\u00ea encontra sabor da Mata Atl\u00e2ntica!<\/span><\/h4>\n<p><span style=\"font-weight: 400;\">Seja no uso culin\u00e1rio ou no mix de produtos sustent\u00e1veis do bioma Mata Atl\u00e2ntica promovidos pelo Instituto AU\u00c1, como o fruto Cambuci congelado, polpa de Cambuci e outros frutos nativos deste bioma, com a marca Emp\u00f3rio Mata Atl\u00e2ntica e outras marcas parceiras.\u00a0<\/span><\/p>\n<p><span style=\"font-weight: 400;\">Estimulando o consumo consciente de alimentos do Bioma Mata Atl\u00e2ntica, voc\u00ea contribui para o desenvolvimento sustent\u00e1vel, proporciona trabalho e renda para os pequenos agricultores que atuam no bioma e cuida da sua sa\u00fade humana e do meio ambiente.<\/span><\/p>\n<h4 style=\"text-align: center;\"><strong>\u00a0<\/strong><\/h4>\n<p>[\/et_pb_text][\/et_pb_column_inner][\/et_pb_row_inner][et_pb_row_inner _builder_version=&#8221;4.9.3&#8243; _module_preset=&#8221;default&#8221; custom_margin=&#8221;||50px||false|false&#8221; custom_margin_tablet=&#8221;||40px||false|false&#8221; custom_margin_phone=&#8221;||30px||false|false&#8221; custom_margin_last_edited=&#8221;on|phone&#8221; custom_padding=&#8221;0px||0px|||&#8221;][et_pb_column_inner saved_specialty_column_type=&#8221;3_4&#8243; _builder_version=&#8221;4.9.2&#8243; _module_preset=&#8221;default&#8221;][et_pb_code _builder_version=&#8221;4.9.3&#8243; _module_preset=&#8221;default&#8221;]<\/p>\n<div id=\"ID-DO-DIV-EM-VOLTA-DO-IFRAME\"><!-- [et_pb_line_break_holder] --><!-- COLAR O IFRAME ABAIXO --><!-- [et_pb_line_break_holder] --><iframe src=\"https:\/\/www.google.com\/maps\/d\/u\/0\/embed?mid=1RqUAEqVgbjKxfI9ZJyH0nfKxZ0nn-_wt\"><\/iframe><!-- [et_pb_line_break_holder] --><!-- COLAR O IFRAME ACIMA --><!-- [et_pb_line_break_holder] --><\/div>\n<p><!-- [et_pb_line_break_holder] --><!-- [et_pb_line_break_holder] --><\/p>\n<style><!-- [et_pb_line_break_holder] -->#ID-DO-DIV-EM-VOLTA-DO-IFRAME {<!-- [et_pb_line_break_holder] -->  position:relative;<!-- [et_pb_line_break_holder] -->  padding-bottom:60%; \/* <---- AQUI ESTIPULA O ASPECT RATIO *\/<!-- [et_pb_line_break_holder] -->  height:0;<!-- [et_pb_line_break_holder] -->  overflow:hidden;<!-- [et_pb_line_break_holder] -->}<!-- [et_pb_line_break_holder] --><!-- [et_pb_line_break_holder] -->#ID-DO-DIV-EM-VOLTA-DO-IFRAME iframe {<!-- [et_pb_line_break_holder] -->  position:absolute;<!-- [et_pb_line_break_holder] -->  top:0;<!-- [et_pb_line_break_holder] -->  bottom:0;<!-- [et_pb_line_break_holder] -->  width:100%;<!-- [et_pb_line_break_holder] -->  height:100%;<!-- [et_pb_line_break_holder] -->}<!-- [et_pb_line_break_holder] --><\/style>\n<p>[\/et_pb_code][\/et_pb_column_inner][\/et_pb_row_inner][et_pb_row_inner _builder_version=&#8221;4.9.3&#8243; _module_preset=&#8221;default&#8221; custom_margin=&#8221;||60px||false|false&#8221; custom_margin_tablet=&#8221;||50px||false|false&#8221; custom_margin_phone=&#8221;||40px||false|false&#8221; custom_margin_last_edited=&#8221;on|phone&#8221; custom_padding=&#8221;0px||0px|||&#8221; disabled_on=&#8221;on|on|on&#8221; disabled=&#8221;on&#8221;][et_pb_column_inner saved_specialty_column_type=&#8221;3_4&#8243; _builder_version=&#8221;4.9.2&#8243; _module_preset=&#8221;default&#8221;][et_pb_text _builder_version=&#8221;4.9.3&#8243; _module_preset=&#8221;default&#8221; header_2_font=&#8221;|800|||||||&#8221; header_2_text_align=&#8221;left&#8221; header_2_text_color=&#8221;gcid-4023f119-17fd-4050-8795-7a41bc3bdef4&#8243; header_2_font_size=&#8221;34px&#8221; custom_margin=&#8221;0px||30px||false|false&#8221; custom_margin_tablet=&#8221;||20px||false|false&#8221; custom_margin_phone=&#8221;||10px||false|false&#8221; custom_margin_last_edited=&#8221;on|phone&#8221; custom_padding=&#8221;0px||0px||false|false&#8221; header_2_font_size_tablet=&#8221;28px&#8221; header_2_font_size_phone=&#8221;24px&#8221; header_2_font_size_last_edited=&#8221;on|phone&#8221; global_colors_info=&#8221;{%22gcid-4023f119-17fd-4050-8795-7a41bc3bdef4%22:%91%22header_2_text_color%22%93}&#8221;]<\/p>\n<h2>O Fruto:<\/h2>\n<p>[\/et_pb_text][et_pb_de_mach_archive_loop post_type_choose=&#8221;onde_comprar&#8221; loop_layout=&#8221;951&#8243; animation_color=&#8221;gcid-4023f119-17fd-4050-8795-7a41bc3bdef4&#8243; no_posts_layout=&#8221;1250&#8243; posts_number=&#8221;30&#8243; custom_tax_choose=&#8221;onde_comprar_categorias&#8221; include_taxomony=&#8221;fruto&#8221; enable_loadmore=&#8221;pagination&#8221; columns=&#8221;3&#8243; button_alignment=&#8221;center&#8221; _builder_version=&#8221;4.9.3&#8243; _module_preset=&#8221;default&#8221; global_colors_info=&#8221;{%22gcid-4023f119-17fd-4050-8795-7a41bc3bdef4%22:%91%22animation_color%22%93}&#8221;][\/et_pb_de_mach_archive_loop][\/et_pb_column_inner][\/et_pb_row_inner][et_pb_row_inner _builder_version=&#8221;4.9.3&#8243; _module_preset=&#8221;default&#8221; custom_margin=&#8221;||60px||false|false&#8221; custom_margin_tablet=&#8221;||50px||false|false&#8221; custom_margin_phone=&#8221;||40px||false|false&#8221; custom_margin_last_edited=&#8221;on|phone&#8221; custom_padding=&#8221;0px||0px|||&#8221; disabled_on=&#8221;on|on|on&#8221; disabled=&#8221;on&#8221;][et_pb_column_inner saved_specialty_column_type=&#8221;3_4&#8243; _builder_version=&#8221;4.9.2&#8243; _module_preset=&#8221;default&#8221;][et_pb_text _builder_version=&#8221;4.9.3&#8243; _module_preset=&#8221;default&#8221; header_2_font=&#8221;|800|||||||&#8221; header_2_text_align=&#8221;left&#8221; header_2_text_color=&#8221;gcid-4023f119-17fd-4050-8795-7a41bc3bdef4&#8243; header_2_font_size=&#8221;34px&#8221; custom_margin=&#8221;0px||30px||false|false&#8221; custom_margin_tablet=&#8221;||20px||false|false&#8221; custom_margin_phone=&#8221;||10px||false|false&#8221; custom_margin_last_edited=&#8221;on|phone&#8221; custom_padding=&#8221;0px||0px||false|false&#8221; header_2_font_size_tablet=&#8221;28px&#8221; header_2_font_size_phone=&#8221;24px&#8221; header_2_font_size_last_edited=&#8221;on|phone&#8221; global_colors_info=&#8221;{%22gcid-4023f119-17fd-4050-8795-7a41bc3bdef4%22:%91%22header_2_text_color%22%93}&#8221;]<\/p>\n<h2>Derivados:<\/h2>\n<p>[\/et_pb_text][et_pb_de_mach_archive_loop post_type_choose=&#8221;onde_comprar&#8221; loop_layout=&#8221;951&#8243; animation_color=&#8221;gcid-4023f119-17fd-4050-8795-7a41bc3bdef4&#8243; no_posts_layout=&#8221;1250&#8243; posts_number=&#8221;30&#8243; custom_tax_choose=&#8221;onde_comprar_categorias&#8221; include_taxomony=&#8221;derivados&#8221; enable_loadmore=&#8221;pagination&#8221; equal_height=&#8221;on&#8221; align_last_bottom=&#8221;on&#8221; columns=&#8221;3&#8243; _builder_version=&#8221;4.9.3&#8243; _module_preset=&#8221;default&#8221; global_colors_info=&#8221;{%22gcid-4023f119-17fd-4050-8795-7a41bc3bdef4%22:%91%22animation_color%22%93}&#8221;][\/et_pb_de_mach_archive_loop][\/et_pb_column_inner][\/et_pb_row_inner][\/et_pb_column][\/et_pb_section]<\/p>\n","protected":false},"excerpt":{"rendered":"<p>[et_pb_section fb_built=&#8221;1&#8243; use_custom_gutter=&#8221;on&#8221; gutter_width=&#8221;2&#8243; specialty=&#8221;on&#8221; custom_padding_last_edited=&#8221;on|tablet&#8221; padding_top_bottom_link_1=&#8221;false&#8221; padding_top_bottom_link_2=&#8221;false&#8221; padding_left_right_link_1=&#8221;false&#8221; padding_left_right_link_2=&#8221;false&#8221; padding_top_1=&#8221;0px&#8221; padding_top_2=&#8221;0px&#8221; padding_bottom_1=&#8221;0px&#8221; padding_bottom_2=&#8221;0px&#8221; _builder_version=&#8221;4.9.2&#8243; _module_preset=&#8221;default&#8221; background_color=&#8221;gcid-02a935b2-594c-458f-9fb5-426da1a48a3e&#8221; background_image=&#8221;https:\/\/institutoaua.org.br\/campanha-safra-do-cambuci-2021\/wp-content\/uploads\/2021\/03\/grafismo-bg.png&#8221; background_size=&#8221;initial&#8221; background_position=&#8221;bottom_left&#8221; custom_margin=&#8221;0px||0px||false|false&#8221; custom_padding=&#8221;0px||100px||false|false&#8221; custom_padding_tablet=&#8221;||205px||false|false&#8221; custom_padding_phone=&#8221;0px||120px||false|false&#8221; background_last_edited=&#8221;on|desktop&#8221; background_position_tablet=&#8221;bottom_center&#8221; custom_css_main_element=&#8221;background-size:27%!important;&#8221; global_colors_info=&#8221;{%22gcid-02a935b2-594c-458f-9fb5-426da1a48a3e%22:%91%22background_color%22,%22background_color%22%93}&#8221;][et_pb_column type=&#8221;1_4&#8243; _builder_version=&#8221;3.25&#8243; custom_padding=&#8221;|||&#8221; custom_padding__hover=&#8221;|||&#8221;][et_pb_sidebar area=&#8221;et_pb_widget_area_3&#8243; disabled_on=&#8221;on|on|off&#8221; _builder_version=&#8221;4.9.2&#8243; _module_preset=&#8221;default&#8221; sticky_limit_top=&#8221;row&#8221; sticky_limit_bottom=&#8221;row&#8221;][\/et_pb_sidebar][\/et_pb_column][et_pb_column type=&#8221;3_4&#8243; specialty_columns=&#8221;3&#8243; _builder_version=&#8221;3.25&#8243; custom_padding=&#8221;|||&#8221; custom_padding__hover=&#8221;|||&#8221;][et_pb_row_inner _builder_version=&#8221;4.9.2&#8243; _module_preset=&#8221;default&#8221; custom_padding=&#8221;0px||0px|||&#8221;][et_pb_column_inner saved_specialty_column_type=&#8221;3_4&#8243; _builder_version=&#8221;4.9.2&#8243; _module_preset=&#8221;default&#8221;][et_pb_text _builder_version=&#8221;4.9.3&#8243; _module_preset=&#8221;default&#8221; header_2_font=&#8221;|800|||||||&#8221; header_2_text_align=&#8221;left&#8221; header_2_text_color=&#8221;gcid-4023f119-17fd-4050-8795-7a41bc3bdef4&#8243; header_2_font_size=&#8221;34px&#8221; [&hellip;]<\/p>\n","protected":false},"author":1,"featured_media":0,"parent":0,"menu_order":70,"comment_status":"closed","ping_status":"closed","template":"","meta":{"_acf_changed":false,"_et_pb_use_builder":"on","_et_pb_old_content":"","_et_gb_content_width":"","footnotes":""},"class_list":["post-677","page","type-page","status-publish","hentry"],"acf":[],"_links":{"self":[{"href":"https:\/\/institutoaua.org.br\/campanha-safra-do-cambuci-2021\/wp-json\/wp\/v2\/pages\/677","targetHints":{"allow":["GET"]}}],"collection":[{"href":"https:\/\/institutoaua.org.br\/campanha-safra-do-cambuci-2021\/wp-json\/wp\/v2\/pages"}],"about":[{"href":"https:\/\/institutoaua.org.br\/campanha-safra-do-cambuci-2021\/wp-json\/wp\/v2\/types\/page"}],"author":[{"embeddable":true,"href":"https:\/\/institutoaua.org.br\/campanha-safra-do-cambuci-2021\/wp-json\/wp\/v2\/users\/1"}],"replies":[{"embeddable":true,"href":"https:\/\/institutoaua.org.br\/campanha-safra-do-cambuci-2021\/wp-json\/wp\/v2\/comments?post=677"}],"version-history":[{"count":17,"href":"https:\/\/institutoaua.org.br\/campanha-safra-do-cambuci-2021\/wp-json\/wp\/v2\/pages\/677\/revisions"}],"predecessor-version":[{"id":1629,"href":"https:\/\/institutoaua.org.br\/campanha-safra-do-cambuci-2021\/wp-json\/wp\/v2\/pages\/677\/revisions\/1629"}],"wp:attachment":[{"href":"https:\/\/institutoaua.org.br\/campanha-safra-do-cambuci-2021\/wp-json\/wp\/v2\/media?parent=677"}],"curies":[{"name":"wp","href":"https:\/\/api.w.org\/{rel}","templated":true}]}}